{"id":502,"date":"2025-08-12T11:09:56","date_gmt":"2025-08-12T08:09:56","guid":{"rendered":"https:\/\/abidinderki.com\/ikinciel\/?post_type=product&#038;p=502"},"modified":"2026-01-14T13:34:24","modified_gmt":"2026-01-14T10:34:24","slug":"cikma-cati-kerestesi-saglam-civisiz-510-direkler-kalaslar","status":"publish","type":"product","link":"https:\/\/abidinderki.com\/ikinciel\/urun\/cikma-cati-kerestesi-saglam-civisiz-510-direkler-kalaslar\/","title":{"rendered":"\u00c7\u0131kma \u00e7at\u0131 kerestesi sa\u011flam \u00e7ivisiz 5*10 direkler kalaslar"},"content":{"rendered":"<p>\u00c7at\u0131 kerestesi nas\u0131l hesaplan\u0131r?<br \/>\n\u00d6nce \u00e7at\u0131n\u0131z\u0131n taban alan\u0131n\u0131 \u00f6l\u00e7\u00fcn. Sonra bu alan\u0131 \u00e7at\u0131 e\u011fiminize g\u00f6re 1.2 ile \u00e7arp\u0131n. Bu size yakla\u015f\u0131k olarak ihtiyac\u0131n\u0131z olan kereste miktar\u0131n\u0131 verir. \u00d6rne\u011fin, 100 m2 taban alanl\u0131 bir \u00e7at\u0131 i\u00e7in, 100 x 1.2 = 120 m2 \u00e7at\u0131 y\u00fczeyi elde edersiniz.<\/p>\n","protected":false},"excerpt":{"rendered":"<p>\u00c7\u0131kma \u00e7at\u0131 kerestesi sa\u011flam Ma\u011fazan\u0131n Di\u011fer \u00dcr\u00fcnleri TREE MAN \u0130SMET PER\u0130M 5x10x200 Cm 1 Adet Silinmis \u00c7am Ah\u015fap \u00c7ita Kereste Taslak Tahta \u00c7it. Kereste 10*10 ve 5*10 sat\u0131l\u0131k 2. El 3 metre 5 10 Kereste Fiyatlar\u0131<br \/>\n2 El KERESTE Letgo 5&#215;10 in\u00e7 boyutunda olan 5&#215;10 keresteler, tipik olarak \u00e7am, sedir veya kara\u00e7am gibi dayan\u0131kl\u0131 ah\u015fap<br \/>\n5 metre 5 10 Kereste Fiyatlar\u0131 sahibinden<br \/>\n4 metre 5 10 kereste fiyatlar\u0131 sahibinden Sat\u0131l\u0131k iskele , Alman iskelesi ve kal\u0131p<\/p>\n","protected":false},"featured_media":503,"comment_status":"open","ping_status":"closed","template":"","meta":[],"product_brand":[],"product_cat":[32],"product_tag":[],"class_list":{"0":"post-502","1":"product","2":"type-product","3":"status-publish","4":"has-post-thumbnail","6":"product_cat-ikinci-el-mobilya","8":"first","9":"instock","10":"sale","11":"shipping-taxable","12":"purchasable","13":"product-type-simple"},"_links":{"self":[{"href":"https:\/\/abidinderki.com\/ikinciel\/wp-json\/wp\/v2\/product\/502","targetHints":{"allow":["GET"]}}],"collection":[{"href":"https:\/\/abidinderki.com\/ikinciel\/wp-json\/wp\/v2\/product"}],"about":[{"href":"https:\/\/abidinderki.com\/ikinciel\/wp-json\/wp\/v2\/types\/product"}],"replies":[{"embeddable":true,"href":"https:\/\/abidinderki.com\/ikinciel\/wp-json\/wp\/v2\/comments?post=502"}],"wp:featuredmedia":[{"embeddable":true,"href":"https:\/\/abidinderki.com\/ikinciel\/wp-json\/wp\/v2\/media\/503"}],"wp:attachment":[{"href":"https:\/\/abidinderki.com\/ikinciel\/wp-json\/wp\/v2\/media?parent=502"}],"wp:term":[{"taxonomy":"product_brand","embeddable":true,"href":"https:\/\/abidinderki.com\/ikinciel\/wp-json\/wp\/v2\/product_brand?post=502"},{"taxonomy":"product_cat","embeddable":true,"href":"https:\/\/abidinderki.com\/ikinciel\/wp-json\/wp\/v2\/product_cat?post=502"},{"taxonomy":"product_tag","embeddable":true,"href":"https:\/\/abidinderki.com\/ikinciel\/wp-json\/wp\/v2\/product_tag?post=502"}],"curies":[{"name":"wp","href":"https:\/\/api.w.org\/{rel}","templated":true}]}}