{"id":507,"date":"2025-12-01T09:44:29","date_gmt":"2025-12-01T06:44:29","guid":{"rendered":"https:\/\/abidinderki.com\/ikinciel\/?post_type=product&#038;p=507"},"modified":"2026-01-14T13:34:15","modified_gmt":"2026-01-14T10:34:15","slug":"cam-ladin-goknar-insaat-kalasi-ve-cikma-keresteler","status":"publish","type":"product","link":"https:\/\/abidinderki.com\/ikinciel\/urun\/cam-ladin-goknar-insaat-kalasi-ve-cikma-keresteler\/","title":{"rendered":"\u00c7am-Ladin-G\u00f6knar in\u015faat kalas\u0131 ve \u00e7\u0131kma keresteler"},"content":{"rendered":"<p><img loading=\"lazy\" decoding=\"async\" src=\"https:\/\/abidinderki.com\/ikinciel\/wp-content\/uploads\/2025\/12\/insaat-kalasi-ve-cikma-keresteler-2.png\" alt=\"\" width=\"1037\" height=\"914\" class=\"aligncenter size-full wp-image-510\" title=\"\" srcset=\"https:\/\/abidinderki.com\/ikinciel\/wp-content\/uploads\/2025\/12\/insaat-kalasi-ve-cikma-keresteler-2.png 1037w, https:\/\/abidinderki.com\/ikinciel\/wp-content\/uploads\/2025\/12\/insaat-kalasi-ve-cikma-keresteler-2-300x264.png 300w, https:\/\/abidinderki.com\/ikinciel\/wp-content\/uploads\/2025\/12\/insaat-kalasi-ve-cikma-keresteler-2-1024x903.png 1024w, https:\/\/abidinderki.com\/ikinciel\/wp-content\/uploads\/2025\/12\/insaat-kalasi-ve-cikma-keresteler-2-768x677.png 768w, https:\/\/abidinderki.com\/ikinciel\/wp-content\/uploads\/2025\/12\/insaat-kalasi-ve-cikma-keresteler-2-600x529.png 600w\" sizes=\"auto, (max-width: 1037px) 100vw, 1037px\" \/><\/p>\n","protected":false},"excerpt":{"rendered":"<p>in\u015faat kalas\u0131 ve \u00e7\u0131kma keresteler \u0130n\u015faat \u00dcr\u00fcnleri s\u0131f\u0131r, Sar\u0131yer genelinde orman \u00fcr\u00fcnleri konusunda y\u00fcksek kalite uygun fiyatlar ile nalbur kereste sat\u0131\u015f\u0131 ikinci el fiyat se\u00e7enekleriyle ilan ve al\u0131\u015fveri\u015fte ilk adres sahibinden<\/p>\n","protected":false},"featured_media":508,"comment_status":"open","ping_status":"closed","template":"","meta":[],"product_brand":[],"product_cat":[32],"product_tag":[],"class_list":{"0":"post-507","1":"product","2":"type-product","3":"status-publish","4":"has-post-thumbnail","6":"product_cat-ikinci-el-mobilya","8":"first","9":"instock","10":"sale","11":"shipping-taxable","12":"purchasable","13":"product-type-simple"},"_links":{"self":[{"href":"https:\/\/abidinderki.com\/ikinciel\/wp-json\/wp\/v2\/product\/507","targetHints":{"allow":["GET"]}}],"collection":[{"href":"https:\/\/abidinderki.com\/ikinciel\/wp-json\/wp\/v2\/product"}],"about":[{"href":"https:\/\/abidinderki.com\/ikinciel\/wp-json\/wp\/v2\/types\/product"}],"replies":[{"embeddable":true,"href":"https:\/\/abidinderki.com\/ikinciel\/wp-json\/wp\/v2\/comments?post=507"}],"wp:featuredmedia":[{"embeddable":true,"href":"https:\/\/abidinderki.com\/ikinciel\/wp-json\/wp\/v2\/media\/508"}],"wp:attachment":[{"href":"https:\/\/abidinderki.com\/ikinciel\/wp-json\/wp\/v2\/media?parent=507"}],"wp:term":[{"taxonomy":"product_brand","embeddable":true,"href":"https:\/\/abidinderki.com\/ikinciel\/wp-json\/wp\/v2\/product_brand?post=507"},{"taxonomy":"product_cat","embeddable":true,"href":"https:\/\/abidinderki.com\/ikinciel\/wp-json\/wp\/v2\/product_cat?post=507"},{"taxonomy":"product_tag","embeddable":true,"href":"https:\/\/abidinderki.com\/ikinciel\/wp-json\/wp\/v2\/product_tag?post=507"}],"curies":[{"name":"wp","href":"https:\/\/api.w.org\/{rel}","templated":true}]}}